{"id":29973,"date":"2023-10-27T14:34:21","date_gmt":"2023-10-27T14:34:21","guid":{"rendered":"https:\/\/www.saralinatacado.com.br\/loja\/?post_type=product&#038;p=29973"},"modified":"2023-10-27T14:34:21","modified_gmt":"2023-10-27T14:34:21","slug":"cabo-otg-v3","status":"publish","type":"product","link":"https:\/\/www.saralinatacado.com.br\/loja\/produto\/cabo-otg-v3\/","title":{"rendered":"Cabo (otg V3)"},"content":{"rendered":"<p>Cabo Otg V3 Mini Usb Adap Pendrive Som Automotivo Tablet Ligue seus aparelhos USB diretamente em equipamentos com entrada Mini USB utilizando esse adaptador. Compat\u00edvel com USB automotivo, adaptador para celular, tablet, pendrive, Gps, Dvd ,sistemas multim\u00eddia, entre outros. Verifique no manual do seu aparelho se a porta mini USB est\u00e1 habilitada ou precisa de algum drive para habilitar. A maioria dos tablets necessita de drives para habilitar a porta Mini USB. Especifica\u00e7\u00f5es: Conectores Mini USB macho para USB f\u00eamea Para ser utilizado com: Mouse, teclado, Pendrive, leitores de cart\u00e3o, entre in\u00fameros outros acess\u00f3rios USB, diretamente nos seus aparelhos compat\u00edveis com este cabo. Medidas: 13 cm Cor: Preto<\/p>\n","protected":false},"excerpt":{"rendered":"<p>Cabo Otg V3 Mini Usb Adap Pendrive Som Automotivo Tablet Ligue seus aparelhos USB diretamente em equipamentos com entrada Mini USB utilizando esse adaptador. Compat\u00edvel com USB automotivo, adaptador para celular, tablet, pendrive, Gps, Dvd ,sistemas multim\u00eddia, entre outros. Verifique no manual do seu aparelho se a porta mini USB est\u00e1 habilitada ou precisa de [&hellip;]\n","protected":false},"featured_media":29975,"comment_status":"open","ping_status":"closed","template":"","meta":{"_bbp_topic_count":0,"_bbp_reply_count":0,"_bbp_total_topic_count":0,"_bbp_total_reply_count":0,"_bbp_voice_count":0,"_bbp_anonymous_reply_count":0,"_bbp_topic_count_hidden":0,"_bbp_reply_count_hidden":0,"_bbp_forum_subforum_count":0,"_joinchat":[]},"product_brand":[],"product_cat":[106],"product_tag":[],"class_list":{"0":"post-29973","1":"product","2":"type-product","3":"status-publish","4":"has-post-thumbnail","6":"product_cat-cabos","8":"first","9":"instock","10":"taxable","11":"shipping-taxable","12":"purchasable","13":"product-type-simple"},"_links":{"self":[{"href":"https:\/\/www.saralinatacado.com.br\/loja\/wp-json\/wp\/v2\/product\/29973","targetHints":{"allow":["GET"]}}],"collection":[{"href":"https:\/\/www.saralinatacado.com.br\/loja\/wp-json\/wp\/v2\/product"}],"about":[{"href":"https:\/\/www.saralinatacado.com.br\/loja\/wp-json\/wp\/v2\/types\/product"}],"replies":[{"embeddable":true,"href":"https:\/\/www.saralinatacado.com.br\/loja\/wp-json\/wp\/v2\/comments?post=29973"}],"wp:featuredmedia":[{"embeddable":true,"href":"https:\/\/www.saralinatacado.com.br\/loja\/wp-json\/wp\/v2\/media\/29975"}],"wp:attachment":[{"href":"https:\/\/www.saralinatacado.com.br\/loja\/wp-json\/wp\/v2\/media?parent=29973"}],"wp:term":[{"taxonomy":"product_brand","embeddable":true,"href":"https:\/\/www.saralinatacado.com.br\/loja\/wp-json\/wp\/v2\/product_brand?post=29973"},{"taxonomy":"product_cat","embeddable":true,"href":"https:\/\/www.saralinatacado.com.br\/loja\/wp-json\/wp\/v2\/product_cat?post=29973"},{"taxonomy":"product_tag","embeddable":true,"href":"https:\/\/www.saralinatacado.com.br\/loja\/wp-json\/wp\/v2\/product_tag?post=29973"}],"curies":[{"name":"wp","href":"https:\/\/api.w.org\/{rel}","templated":true}]}}