{"id":29952,"date":"2023-10-27T13:56:54","date_gmt":"2023-10-27T13:56:54","guid":{"rendered":"https:\/\/www.saralinatacado.com.br\/loja\/?post_type=product&#038;p=29952"},"modified":"2023-10-27T13:58:38","modified_gmt":"2023-10-27T13:58:38","slug":"cabo-impressora-usb-am-bm-2-0-15-metros","status":"publish","type":"product","link":"https:\/\/www.saralinatacado.com.br\/loja\/produto\/cabo-impressora-usb-am-bm-2-0-15-metros\/","title":{"rendered":"Cabo Impressora USB AM\/BM 2.0 1,5 Metros"},"content":{"rendered":"<div class=\"pull-right full-width text-center-xs\"><\/div>\n<div id=\"single-product\" class=\"js-product-detail js-shipping-calculator-container js-has-new-shipping\">\n<div id=\"single-product-container\" class=\"js-product-container\" data-variants=\"[{&quot;product_id&quot;:87904377,&quot;price_short&quot;:&quot;R$35,00&quot;,&quot;price_long&quot;:&quot;R$35,00&quot;,&quot;price_number&quot;:35,&quot;compare_at_price_short&quot;:null,&quot;compare_at_price_long&quot;:null,&quot;compare_at_price_number&quot;:null,&quot;stock&quot;:20,&quot;sku&quot;:&quot;2652&quot;,&quot;available&quot;:true,&quot;contact&quot;:false,&quot;option0&quot;:null,&quot;option1&quot;:null,&quot;option2&quot;:null,&quot;id&quot;:334906433,&quot;image&quot;:173507076,&quot;image_url&quot;:&quot;\\\/\\\/d2r9epyceweg5n.cloudfront.net\\\/stores\\\/001\\\/664\\\/451\\\/products\\\/cabo-usb-ab-bm-1-102411-85a9acf9e7f5e1afb116209131751508-1024-1024.webp&quot;,&quot;installments_data&quot;:&quot;{\\&quot;Pagseguro\\&quot;:{\\&quot;1\\&quot;:{\\&quot;installment_value\\&quot;:35,\\&quot;installment_value_cents\\&quot;:3500,\\&quot;interest\\&quot;:0,\\&quot;total_value\\&quot;:35,\\&quot;without_interests\\&quot;:true}},\\&quot;Nuvem Pago\\&quot;:{\\&quot;1\\&quot;:{\\&quot;installment_value\\&quot;:35,\\&quot;installment_value_cents\\&quot;:3500,\\&quot;interest\\&quot;:0,\\&quot;total_value\\&quot;:35,\\&quot;without_interests\\&quot;:true},\\&quot;2\\&quot;:{\\&quot;installment_value\\&quot;:19.1205,\\&quot;installment_value_cents\\&quot;:1912.05,\\&quot;interest\\&quot;:0.0926,\\&quot;total_value\\&quot;:38.241,\\&quot;without_interests\\&quot;:false},\\&quot;3\\&quot;:{\\&quot;installment_value\\&quot;:12.933666666667,\\&quot;installment_value_cents\\&quot;:1293.3666666667,\\&quot;interest\\&quot;:0.1086,\\&quot;total_value\\&quot;:38.801,\\&quot;without_interests\\&quot;:false},\\&quot;4\\&quot;:{\\&quot;installment_value\\&quot;:9.799125,\\&quot;installment_value_cents\\&quot;:979.9125,\\&quot;interest\\&quot;:0.1199,\\&quot;total_value\\&quot;:39.1965,\\&quot;without_interests\\&quot;:false},\\&quot;5\\&quot;:{\\&quot;installment_value\\&quot;:7.8806,\\&quot;installment_value_cents\\&quot;:788.06,\\&quot;interest\\&quot;:0.1258,\\&quot;total_value\\&quot;:39.403,\\&quot;without_interests\\&quot;:false},\\&quot;6\\&quot;:{\\&quot;installment_value\\&quot;:6.6015833333333,\\&quot;installment_value_cents\\&quot;:660.15833333333,\\&quot;interest\\&quot;:0.1317,\\&quot;total_value\\&quot;:39.6095,\\&quot;without_interests\\&quot;:false},\\&quot;7\\&quot;:{\\&quot;installment_value\\&quot;:5.6695,\\&quot;installment_value_cents\\&quot;:566.95,\\&quot;interest\\&quot;:0.1339,\\&quot;total_value\\&quot;:39.6865,\\&quot;without_interests\\&quot;:false}}}&quot;}]\">\n<div class=\"span6\" data-store=\"product-image-87904377\">\n<div class=\"js-product-image-container product-img-col p-relative pull-left full-width m-bottom\">\n<div class=\" labels-floating labels-floating-left-xs\">\n<div class=\"pull-right pull-left-xs clear-both-xs\"><\/div>\n<\/div>\n<div class=\"product-slider-container no-slide-effect-md \">\n<div class=\"js-swiper-product swiper-container product-slider no-slide-effect-md swiper-container-initialized swiper-container-horizontal\">\n<div class=\"thumbs-container swiper-wrapper\">\n<div class=\"js-product-slide swiper-slide slider-slide product-slide swiper-slide-next\" data-image=\"173507129\" data-image-position=\"1\" data-zoom-url=\"\/\/d2r9epyceweg5n.cloudfront.net\/stores\/001\/664\/451\/products\/cabo-usb-am-bm-2-10241-cba9dba7fc92734da516209131752449-640-0.webp\">\n<div class=\"cloud-zoom-wrap\">\n<div class=\"mousetrap\"><\/div>\n<\/div>\n<\/div>\n<\/div>\n<\/div>\n<\/div>\n<div class=\"js-swiper-product-thumbnails product-thumbnails-slider swiper-container hidden-phone m-top swiper-container-initialized swiper-container-horizontal\">\n<div class=\"swiper-wrapper\">\n<div class=\"swiper-slide swiper-slide-active\"><\/div>\n<div class=\"swiper-slide swiper-slide-next\">cabo USB para Impressora 2.0 AM\/BM 1.5m Preto<\/div>\n<\/div>\n<\/div>\n<\/div>\n<\/div>\n<div class=\"span6 clear-both-xs\" data-store=\"product-info-87904377\">\n<div class=\"product-form-container\">\n<div class=\"description user-content display-when-content-ready\" data-store=\"product-description-87904377\">\n<p>Cabo Usb AM\/BM para impressoras e scanners e c\u00e2meras. Facilita a comunica\u00e7\u00e3o de maneira simples.<br \/>\nCor preto<br \/>\nCabo USB BM\/AM<br \/>\nCom 1,5m de comprimento<\/p>\n<\/div>\n<\/div>\n<\/div>\n<\/div>\n<\/div>\n","protected":false},"excerpt":{"rendered":"<p>cabo USB para Impressora 2.0 AM\/BM 1.5m Preto Cabo Usb AM\/BM para impressoras e scanners e c\u00e2meras. Facilita a comunica\u00e7\u00e3o de maneira simples. Cor preto Cabo USB BM\/AM Com 1,5m de comprimento<\/p>\n","protected":false},"featured_media":29954,"comment_status":"open","ping_status":"closed","template":"","meta":{"_bbp_topic_count":0,"_bbp_reply_count":0,"_bbp_total_topic_count":0,"_bbp_total_reply_count":0,"_bbp_voice_count":0,"_bbp_anonymous_reply_count":0,"_bbp_topic_count_hidden":0,"_bbp_reply_count_hidden":0,"_bbp_forum_subforum_count":0,"_joinchat":[]},"product_brand":[],"product_cat":[106],"product_tag":[],"class_list":{"0":"post-29952","1":"product","2":"type-product","3":"status-publish","4":"has-post-thumbnail","6":"product_cat-cabos","8":"first","9":"instock","10":"taxable","11":"shipping-taxable","12":"purchasable","13":"product-type-simple"},"_links":{"self":[{"href":"https:\/\/www.saralinatacado.com.br\/loja\/wp-json\/wp\/v2\/product\/29952","targetHints":{"allow":["GET"]}}],"collection":[{"href":"https:\/\/www.saralinatacado.com.br\/loja\/wp-json\/wp\/v2\/product"}],"about":[{"href":"https:\/\/www.saralinatacado.com.br\/loja\/wp-json\/wp\/v2\/types\/product"}],"replies":[{"embeddable":true,"href":"https:\/\/www.saralinatacado.com.br\/loja\/wp-json\/wp\/v2\/comments?post=29952"}],"wp:featuredmedia":[{"embeddable":true,"href":"https:\/\/www.saralinatacado.com.br\/loja\/wp-json\/wp\/v2\/media\/29954"}],"wp:attachment":[{"href":"https:\/\/www.saralinatacado.com.br\/loja\/wp-json\/wp\/v2\/media?parent=29952"}],"wp:term":[{"taxonomy":"product_brand","embeddable":true,"href":"https:\/\/www.saralinatacado.com.br\/loja\/wp-json\/wp\/v2\/product_brand?post=29952"},{"taxonomy":"product_cat","embeddable":true,"href":"https:\/\/www.saralinatacado.com.br\/loja\/wp-json\/wp\/v2\/product_cat?post=29952"},{"taxonomy":"product_tag","embeddable":true,"href":"https:\/\/www.saralinatacado.com.br\/loja\/wp-json\/wp\/v2\/product_tag?post=29952"}],"curies":[{"name":"wp","href":"https:\/\/api.w.org\/{rel}","templated":true}]}}