{"id":29796,"date":"2023-10-25T17:52:58","date_gmt":"2023-10-25T17:52:58","guid":{"rendered":"https:\/\/www.saralinatacado.com.br\/loja\/?post_type=product&#038;p=29796"},"modified":"2023-10-25T17:52:58","modified_gmt":"2023-10-25T17:52:58","slug":"fone-ouvido-iphone-ipad-11-11-pro-11-pro-max-12-earpods-lightning-lehmox","status":"publish","type":"product","link":"https:\/\/www.saralinatacado.com.br\/loja\/produto\/fone-ouvido-iphone-ipad-11-11-pro-11-pro-max-12-earpods-lightning-lehmox\/","title":{"rendered":"Fone Ouvido iPhone\/Ipad 11 11 Pro 11 Pro Max 12 Earpods Lightning &#8211; Lehmox"},"content":{"rendered":"<p><span class=\"sc-kpDqfm qhIEo\" data-testid=\"product-detail-title\">Fone Ouvido iPhone\/Ipad 11 11 Pro 11 Pro Max 12 Earpods Lightning<\/span><\/p>\n<div class=\"sc-fqkvVR heuZyN sc-dnvZjJ dtJjfe\" data-testid=\"product-detail-description\">\n<div class=\"sc-fqkvVR hlqElk sc-jcdlHQ cxsdMT\" data-testid=\"rich-content-container\">Ao contr\u00e1rio dos fones de ouvido redondos tradicionais, o design dos Fone Ouvido Compat\u00edvel iPhone 11 11 Pro 11 Pro Max 12 Earpods Lightning \u00e9 definido pela geometria da orelha. Por isso, eles s\u00e3o mais confort\u00e1veis para mais pessoas do que outros fones de ouvido intra-auriculares.<br \/>\nos alto-falantes dos Fone Ouvido Compat\u00edvel iPhone 11 11 Pro 11 Pro Max 12 Earpods Lightning foram projetados para minimizar a perda e maximizar a sa\u00edda do som, o que gera \u00e1udio de alta qualidade.<br \/>\nOs Fone Ouvido Compat\u00edvel iPhone 11 11 Pro 11 Pro Max 12 Earpods Lightning tamb\u00e9m t\u00eam controle remoto integrado que permite ajustar o volume, controlar a reprodu\u00e7\u00e3o de m\u00fasicas e v\u00eddeos e atender e desligar chamadas tocando o fio.<br \/>\nTons graves mais profundos e complexos<br \/>\nMaior prote\u00e7\u00e3o contra suor e \u00e1gua<br \/>\nControle a reprodu\u00e7\u00e3o de m\u00fasicas e v\u00eddeos<br \/>\nAtenda e desligue chamadas<br \/>\nFone Ouvido Compat\u00edvel iPhone 11 11 Pro 11 Pro Max 12 Earpods Lightning<\/p>\n<p>Microfone no cabo com controle de faixa<br \/>\nS\u00e3o compat\u00edveis com os modelos de Compat\u00edvel iPod touch, Compat\u00edvel iPad e Compat\u00edvel iPhone que t\u00eam conector Lightning e com iOS 10 ou posterior.\n<\/div>\n<\/div>\n","protected":false},"excerpt":{"rendered":"<p>Fone Ouvido iPhone\/Ipad 11 11 Pro 11 Pro Max 12 Earpods Lightning Ao contr\u00e1rio dos fones de ouvido redondos tradicionais, o design dos Fone Ouvido Compat\u00edvel iPhone 11 11 Pro 11 Pro Max 12 Earpods Lightning \u00e9 definido pela geometria da orelha. Por isso, eles s\u00e3o mais confort\u00e1veis para mais pessoas do que outros fones [&hellip;]\n","protected":false},"featured_media":29797,"comment_status":"open","ping_status":"closed","template":"","meta":{"_bbp_topic_count":0,"_bbp_reply_count":0,"_bbp_total_topic_count":0,"_bbp_total_reply_count":0,"_bbp_voice_count":0,"_bbp_anonymous_reply_count":0,"_bbp_topic_count_hidden":0,"_bbp_reply_count_hidden":0,"_bbp_forum_subforum_count":0,"_joinchat":[]},"product_brand":[],"product_cat":[210],"product_tag":[],"class_list":{"0":"post-29796","1":"product","2":"type-product","3":"status-publish","4":"has-post-thumbnail","6":"product_cat-fones","8":"first","9":"instock","10":"taxable","11":"shipping-taxable","12":"purchasable","13":"product-type-simple"},"_links":{"self":[{"href":"https:\/\/www.saralinatacado.com.br\/loja\/wp-json\/wp\/v2\/product\/29796","targetHints":{"allow":["GET"]}}],"collection":[{"href":"https:\/\/www.saralinatacado.com.br\/loja\/wp-json\/wp\/v2\/product"}],"about":[{"href":"https:\/\/www.saralinatacado.com.br\/loja\/wp-json\/wp\/v2\/types\/product"}],"replies":[{"embeddable":true,"href":"https:\/\/www.saralinatacado.com.br\/loja\/wp-json\/wp\/v2\/comments?post=29796"}],"wp:featuredmedia":[{"embeddable":true,"href":"https:\/\/www.saralinatacado.com.br\/loja\/wp-json\/wp\/v2\/media\/29797"}],"wp:attachment":[{"href":"https:\/\/www.saralinatacado.com.br\/loja\/wp-json\/wp\/v2\/media?parent=29796"}],"wp:term":[{"taxonomy":"product_brand","embeddable":true,"href":"https:\/\/www.saralinatacado.com.br\/loja\/wp-json\/wp\/v2\/product_brand?post=29796"},{"taxonomy":"product_cat","embeddable":true,"href":"https:\/\/www.saralinatacado.com.br\/loja\/wp-json\/wp\/v2\/product_cat?post=29796"},{"taxonomy":"product_tag","embeddable":true,"href":"https:\/\/www.saralinatacado.com.br\/loja\/wp-json\/wp\/v2\/product_tag?post=29796"}],"curies":[{"name":"wp","href":"https:\/\/api.w.org\/{rel}","templated":true}]}}