{"id":29574,"date":"2023-10-21T13:59:30","date_gmt":"2023-10-21T13:59:30","guid":{"rendered":"https:\/\/www.saralinatacado.com.br\/loja\/?post_type=product&#038;p=29574"},"modified":"2023-10-21T13:59:31","modified_gmt":"2023-10-21T13:59:31","slug":"radio-retro-portatil-1088","status":"publish","type":"product","link":"https:\/\/www.saralinatacado.com.br\/loja\/produto\/radio-retro-portatil-1088\/","title":{"rendered":"R\u00c1DIO RETR\u00d4 PORT\u00c1TIL 1088"},"content":{"rendered":"<h2 class=\"ui-pdp-description__title\"><strong>CARACTER\u00cdSTICAS:<\/strong><\/p>\n<p>R\u00e1dio\u00a0 A-1088 com 9 bandas, ele possui uma bateria interna recarreg\u00e1vel de alta capacidade que ainda conta com entrada para pilhas para auxiliar na autonomia, esse port\u00e1til \u00e9 indispens\u00e1vel para quem gosta de som de qualidade, com \u00f3tima recep\u00e7\u00e3o FM\/AM ainda conta com entrada para pen drive, cart\u00e3o SD\/MMC e auxiliar.<br \/>\n&#8211; Exclusividade com qualidade e durabilidade.<br \/>\n&#8211; Reproduz MP3 com entrada USB, para pen drive.<br \/>\n&#8211; Leitor de cart\u00f5es SD.<br \/>\n&#8211; R\u00e1dio FM anal\u00f3gico est\u00e9reo.<br \/>\n&#8211; Design ultra port\u00e1til.<br \/>\n&#8211; Sistema econ\u00f4mico.<br \/>\n&#8211; Um excelente objeto de decora\u00e7\u00e3o.<\/p>\n<p><strong>ESPECIFICA\u00c7\u00d5ES T\u00c9CNICAS:<\/strong><br \/>\n&#8211; Bot\u00e3o reset.<br \/>\n&#8211; Bot\u00e3o play e pause.<br \/>\n&#8211; Luz indicadora.<br \/>\n&#8211; Display anal\u00f3gico.<br \/>\n&#8211; Bateria Li-ion interna recarreg\u00e1vel.<br \/>\n&#8211; Bivolt: AC 220\/50HZ | AC 110V\/60HZ<br \/>\n&#8211; Am\/Fm \/ Sw1 \/ Sw2\/ leitor de m\u00fasicas\/ Mp3 \/ Usb \/ Sd \/ Tf.<br \/>\n&#8211; Leitor de MP3 (SD\/U DISK)<br \/>\n&#8211; Indicador de led.<br \/>\n&#8211; Sa\u00edda auxiliar.<br \/>\n&#8211; Antena externa.<br \/>\n&#8211; Sa\u00edda DC externa 6V (um &#8211; 3&#215;4).<br \/>\n&#8211; Bateria interna e\/ou alimenta\u00e7\u00e3o externa.<br \/>\n&#8211; Alimenta\u00e7\u00e3o DC: 04 Pilhas 1.5V (n\u00e3o inclusas).<\/h2>\n","protected":false},"excerpt":{"rendered":"<p>CARACTER\u00cdSTICAS: R\u00e1dio\u00a0 A-1088 com 9 bandas, ele possui uma bateria interna recarreg\u00e1vel de alta capacidade que ainda conta com entrada para pilhas para auxiliar na autonomia, esse port\u00e1til \u00e9 indispens\u00e1vel para quem gosta de som de qualidade, com \u00f3tima recep\u00e7\u00e3o FM\/AM ainda conta com entrada para pen drive, cart\u00e3o SD\/MMC e auxiliar. &#8211; Exclusividade com [&hellip;]\n","protected":false},"featured_media":29576,"comment_status":"open","ping_status":"closed","template":"","meta":{"_bbp_topic_count":0,"_bbp_reply_count":0,"_bbp_total_topic_count":0,"_bbp_total_reply_count":0,"_bbp_voice_count":0,"_bbp_anonymous_reply_count":0,"_bbp_topic_count_hidden":0,"_bbp_reply_count_hidden":0,"_bbp_forum_subforum_count":0,"_joinchat":[]},"product_brand":[],"product_cat":[101],"product_tag":[],"class_list":{"0":"post-29574","1":"product","2":"type-product","3":"status-publish","4":"has-post-thumbnail","6":"product_cat-radios","8":"first","9":"instock","10":"taxable","11":"shipping-taxable","12":"purchasable","13":"product-type-simple"},"_links":{"self":[{"href":"https:\/\/www.saralinatacado.com.br\/loja\/wp-json\/wp\/v2\/product\/29574","targetHints":{"allow":["GET"]}}],"collection":[{"href":"https:\/\/www.saralinatacado.com.br\/loja\/wp-json\/wp\/v2\/product"}],"about":[{"href":"https:\/\/www.saralinatacado.com.br\/loja\/wp-json\/wp\/v2\/types\/product"}],"replies":[{"embeddable":true,"href":"https:\/\/www.saralinatacado.com.br\/loja\/wp-json\/wp\/v2\/comments?post=29574"}],"wp:featuredmedia":[{"embeddable":true,"href":"https:\/\/www.saralinatacado.com.br\/loja\/wp-json\/wp\/v2\/media\/29576"}],"wp:attachment":[{"href":"https:\/\/www.saralinatacado.com.br\/loja\/wp-json\/wp\/v2\/media?parent=29574"}],"wp:term":[{"taxonomy":"product_brand","embeddable":true,"href":"https:\/\/www.saralinatacado.com.br\/loja\/wp-json\/wp\/v2\/product_brand?post=29574"},{"taxonomy":"product_cat","embeddable":true,"href":"https:\/\/www.saralinatacado.com.br\/loja\/wp-json\/wp\/v2\/product_cat?post=29574"},{"taxonomy":"product_tag","embeddable":true,"href":"https:\/\/www.saralinatacado.com.br\/loja\/wp-json\/wp\/v2\/product_tag?post=29574"}],"curies":[{"name":"wp","href":"https:\/\/api.w.org\/{rel}","templated":true}]}}